{"id":917,"date":"2020-06-11T15:51:11","date_gmt":"2020-06-11T13:51:11","guid":{"rendered":"http:\/\/lespetitspotes.org\/?page_id=917"},"modified":"2026-04-10T10:46:01","modified_gmt":"2026-04-10T08:46:01","slug":"notre-association","status":"publish","type":"page","link":"https:\/\/lespetitspotes.org\/index.php\/notre-association\/","title":{"rendered":"L&rsquo;association"},"content":{"rendered":"\n<p>Situ\u00e9e \u00e0 La Murette, en Is\u00e8re, et soutenu par les communes du bassin de vie du \u00ab\u00a0C\u0153ur vert\u00a0\u00bb  ( La Murette, R\u00e9aumont, St-Cassien, St-Blaise du Buis et Charn\u00e8cles) la CAF et la Communaut\u00e9 de commune du Pays Voironnais.&nbsp;<\/p>\n\n\n\n<p>L\u2019Association \u00ab\u00a0Les Petits Potes\u00a0\u00bb \u00e0 \u00e9t\u00e9 cr\u00e9e en 2001 et compte en 2023 pr\u00e8s de 200 familles adh\u00e9rentes.<\/p>\n\n\n\n<p>Association loi 1901, g\u00e9r\u00e9e par des parents adh\u00e9rents et b\u00e9n\u00e9voles, notre association pr\u00f4ne des valeurs \u00e9ducatives pour la jeunesse d&rsquo;entraide, de partage, d&rsquo;autonomie, de tol\u00e9rance, de d\u00e9passement de soi et d&rsquo;ouverture d\u2019esprit.<\/p>\n\n\n\n<p>Le centre de loisirs situ\u00e9 dans les locaux de l&rsquo;\u00e9cole de La Murette, propose un accueil pour les enfants de 3 \u00e0 12 ans les mercredis et vacances scolaires sous 3 groupes, les 3-5 ans, les 6-8 ans et les 9-12 ans. Il est ouvert aux familles durant les vacances scolaires de 7h45 \u00e0 18h15 et les mercredis en journ\u00e9e sur la commune de Charn\u00e8cles en p\u00e9riodes scolaires de 7h45 \u00e0 18h15. <\/p>\n\n\n\n<p>Un accueil est \u00e9galement propos\u00e9 aux plus grands de 13-17 ans ponctuellement dans le cadre du groupe Ado&rsquo;sph\u00e8re : loisirs, artistique, culturel, sportif.<br><\/p>\n\n\n\n<p><strong>Localisation :<\/strong>&nbsp;&nbsp;&nbsp;&nbsp;&nbsp;&nbsp; &nbsp;&nbsp;&nbsp;&nbsp;&nbsp;&nbsp;&nbsp;&nbsp;&nbsp;&nbsp;&nbsp;&nbsp;&nbsp;&nbsp;&nbsp;&nbsp;&nbsp;&nbsp;&nbsp;&nbsp;&nbsp;&nbsp;&nbsp;&nbsp;&nbsp;&nbsp;&nbsp;&nbsp;&nbsp;&nbsp;&nbsp;&nbsp;&nbsp;&nbsp;&nbsp;&nbsp;&nbsp;&nbsp;&nbsp;&nbsp;&nbsp;&nbsp;&nbsp;&nbsp;&nbsp;&nbsp;&nbsp;&nbsp;&nbsp;&nbsp;&nbsp;&nbsp;&nbsp;&nbsp;&nbsp;&nbsp;&nbsp;&nbsp;&nbsp;&nbsp;&nbsp;&nbsp;&nbsp;&nbsp;&nbsp;&nbsp;&nbsp;&nbsp;&nbsp;&nbsp;&nbsp;&nbsp;&nbsp;&nbsp;&nbsp;&nbsp;&nbsp;&nbsp;&nbsp;&nbsp;&nbsp;&nbsp;&nbsp;&nbsp;&nbsp;&nbsp;&nbsp;&nbsp;&nbsp;&nbsp;&nbsp;&nbsp;&nbsp;&nbsp;&nbsp;&nbsp;&nbsp;&nbsp;&nbsp;&nbsp;&nbsp;&nbsp;&nbsp;&nbsp;&nbsp;&nbsp;&nbsp;&nbsp;&nbsp;&nbsp;&nbsp;&nbsp;&nbsp;&nbsp;&nbsp;&nbsp;&nbsp;&nbsp;&nbsp;&nbsp;&nbsp;&nbsp;&nbsp;&nbsp;&nbsp;&nbsp;&nbsp;&nbsp;&nbsp;&nbsp;&nbsp;&nbsp;&nbsp;&nbsp;&nbsp;&nbsp;&nbsp;&nbsp;<\/p>\n\n\n\n<p>Le bureau de l&rsquo;association se situe 40 rue du Bouchat \u00e0 La Murette (38140).<\/p>\n\n\n\n<p>Durant les vacances scolaire le Centre de Loisirs se situe dans l\u2019\u00e9cole de la Murette, 200 Rue du Bourg.<\/p>\n\n\n\n<p>Durant les mercredis scolaire le Centre de Loisirs se situe dans les salles communales de la commune de Charn\u00e8cles \u00e0 cot\u00e9 de l&rsquo;\u00e9cole se situant 240 chemin de l&rsquo;\u00e9glise.<\/p>\n\n\n\n<p>Durant l&rsquo;\u00e9t\u00e9 le centre de loisirs se d\u00e9place dans les locaux des \u00e9coles maternelles et primaires de la commune de St Cassien.<\/p>\n\n\n\n<p><em>En cas de travaux pr\u00e9vus par les communes dans les locaux cit\u00e9s ci-dessus des changements de lieu peuvent \u00eatre mis en place de fa\u00e7on exceptionnelle.<\/em><\/p>\n\n\n\n<p><\/p>\n\n\n\n<p><strong>Horaires :<\/strong><\/p>\n\n\n\n<p>Le secr\u00e9tariat t\u00e9l\u00e9phonique est ouvert en p\u00e9riode scolaire :<\/p>\n\n\n\n<ul class=\"wp-block-list\">\n<li>le mardi et vendredi de 9h \u00e0 13h<\/li>\n<\/ul>\n\n\n\n<p>L\u2019Accueil de loisirs est ouvert&nbsp;:<\/p>\n\n\n\n<ul class=\"wp-block-list\">\n<li>les mercredis&nbsp;: de 7h45 \u00e0 18h15<\/li>\n\n\n\n<li>en p\u00e9riode de vacances scolaires&nbsp;: du lundi au vendredi de 7h45 \u00e0 18h15.<\/li>\n<\/ul>\n\n\n\n<p><\/p>\n\n\n\n<p><strong><u>Des loisirs avant tout<\/u><\/strong><\/p>\n\n\n\n<p>Nous entendons par loisirs la possibilit\u00e9 pour les jeunes et les enfants de s&rsquo;inscrire dans un projet collectif tout en pr\u00e9servant leur espace individuel. Les loisirs doivent permettre l&rsquo;\u00e9panouissement et la prise de confiance en soi. Nous leur proposons des temps extrascolaires ludiques, cr\u00e9atifs, et enrichissants, tout en respectant les rythmes de vies propres \u00e0 chacun. <\/p>\n\n\n\n<p>Des \u00ab temps choisis \u00bb par les enfants et les jeunes (o\u00f9 ils pourront opter pour des activit\u00e9s de leur choix) seront encourag\u00e9s.<\/p>\n\n\n\n<p><\/p>\n\n\n\n<p class=\"has-text-align-center\">       &#8212;&#8212;&#8212;&#8212;&#8212;&#8212;&#8212;&#8212;&#8212;&#8212;&#8212;&#8212;&#8212;&#8212;&#8212;&#8212;&#8212;&#8212;&#8212;&#8212;&#8212;&#8212;&#8212;&#8212;&#8212;&#8212;&#8212;&#8212;&#8212;&#8212;&#8212;&#8212;&#8212;&#8212;&#8212;-<\/p>\n\n\n\n<p><\/p>\n\n\n\n<h2 class=\"wp-block-heading\">Notre Projet p\u00e9dagogique<\/h2>\n\n\n\n<p><\/p>\n\n\n\n<figure class=\"wp-block-image size-large\"><img loading=\"lazy\" decoding=\"async\" width=\"684\" height=\"605\" src=\"https:\/\/lespetitspotes.org\/wp-content\/uploads\/2020\/10\/image-3.png\" alt=\"\" class=\"wp-image-987\" srcset=\"https:\/\/lespetitspotes.org\/wp-content\/uploads\/2020\/10\/image-3.png 684w, https:\/\/lespetitspotes.org\/wp-content\/uploads\/2020\/10\/image-3-300x265.png 300w, https:\/\/lespetitspotes.org\/wp-content\/uploads\/2020\/10\/image-3-305x270.png 305w\" sizes=\"auto, (max-width: 684px) 100vw, 684px\" \/><\/figure>\n\n\n\n<h4 class=\"wp-block-heading\"><mark style=\"background-color:rgba(0, 0, 0, 0);color:#22b4b2\" class=\"has-inline-color\">A quoi sert le projet p\u00e9dagogique ?<\/mark><\/h4>\n\n\n\n<p>C\u2019est un contrat de confiance entre l\u2019\u00e9quipe p\u00e9dagogique, les intervenants, les parents et les enfants. Il permet de donner du sens aux activit\u00e9s propos\u00e9es et aux actes de la vie quotidienne. Il aide a construire les d\u00e9marches p\u00e9dagogiques.<\/p>\n\n\n\n<p>Pour r\u00e9sumer, il traduit l&rsquo;engagement d&rsquo;une \u00e9quipe dans un temps et un cadre donn\u00e9 et la mani\u00e8re dont on souhaite accueillir les enfants.<\/p>\n\n\n\n<p>Les projets p\u00e9dagogiques diff\u00e8rent sur chaque centre en fonction des locaux, de l\u2019environnement, du public, mais surtout des<br>personnes qui les font vivre. <\/p>\n\n\n\n<p>Par exemple, au centre de loisirs des Petits Potes, l&rsquo;objectif principal de ce projet est de permettre \u00e0 chacun de d\u00e9velopper son imagination, sa cr\u00e9ativit\u00e9, sa curiosit\u00e9 et son autonomie, n\u00e9cessaire \u00e0 l\u2019\u00e9panouissement des enfants par le biais du jeu, de la pratique d\u2019activit\u00e9s vari\u00e9es et de sorties \u00e0 l\u2019ext\u00e9rieur du centre de loisirs. Tout cela dans le respect du rythme de chacun et en fonction de ses besoins et de ses envies\u2026<\/p>\n\n\n\n<p><\/p>\n\n\n\n<h4 class=\"wp-block-heading\"><br><span style=\"color:#1faeb0\" class=\"has-inline-color\">Qui l\u2019\u00e9labore ?<\/span><\/h4>\n\n\n\n<p><br>C&rsquo;est la directrice du centre de loisirs qui l&rsquo;\u00e9labore en concertation avec l\u2019\u00e9quipe d&rsquo;animation. Il est \u00e9crit en fonction du projet \u00e9ducatif, qui lui, est r\u00e9dig\u00e9 par les membres b\u00e9n\u00e9voles de l&rsquo;association. <br><\/p>\n\n\n\n<p><\/p>\n\n\n\n<p><\/p>\n\n\n\n<h4 class=\"wp-block-heading\"><mark style=\"background-color:rgba(0, 0, 0, 0);color:#1fa8ab\" class=\"has-inline-color\">Comment peut-on le consulter ?<\/mark><\/h4>\n\n\n\n<p><br>Ce document est consultable par tous : parents, \u00e9quipe, partenaires\u2026 Il est \u00e0 demander au centre de loisirs ou peut \u00eatre t\u00e9l\u00e9charg\u00e9 <a href=\"https:\/\/lespetitspotes.org\/wp-content\/uploads\/2020\/06\/PROJET-PEDAGOGIQUE-2020-version-final-1.pdf\">ICI<\/a><br><\/p>\n\n\n\n<p><\/p>\n\n\n\n<h4 class=\"wp-block-heading\"><mark style=\"background-color:rgba(0, 0, 0, 0);color:#1eabae\" class=\"has-inline-color\">Comment est-il \u00e9valu\u00e9 ?<\/mark><\/h4>\n\n\n\n<ul class=\"wp-block-list\">\n<li>Lors d\u2019\u00e9changes avec les enfants durant les temps d&rsquo;activit\u00e9s<\/li>\n\n\n\n<li>Lors d&rsquo;\u00e9changes avec les familles durant les temps d\u2019accueil<\/li>\n\n\n\n<li>Grace au questionnaire qualitatif distribu\u00e9 aux familles et animateurs<\/li>\n\n\n\n<li>Lors d&rsquo;\u00e9changes durant les r\u00e9unions de pr\u00e9paration des vacances avec les animateurs <\/li>\n\n\n\n<li>Lors d&rsquo;\u00e9change durant les r\u00e9unions de bureau ou les conseils d&rsquo;administration<\/li>\n<\/ul>\n","protected":false},"excerpt":{"rendered":"<p>Situ\u00e9e \u00e0 La Murette, en Is\u00e8re, et soutenu par les communes du bassin de vie du \u00ab\u00a0C\u0153ur vert\u00a0\u00bb ( La Murette, R\u00e9aumont, St-Cassien, St-Blaise du Buis et Charn\u00e8cles) la CAF et la Communaut\u00e9 de commune du Pays Voironnais.&nbsp; L\u2019Association \u00ab\u00a0Les Petits Potes\u00a0\u00bb \u00e0 \u00e9t\u00e9 cr\u00e9e en 2001 et compte en 2023 pr\u00e8s de 200 familles adh\u00e9rentes. Association loi 1901, g\u00e9r\u00e9e par des parents adh\u00e9rents et b\u00e9n\u00e9voles, notre association pr\u00f4ne des valeurs \u00e9ducatives pour la jeunesse d&rsquo;entraide, de partage, d&rsquo;autonomie, de&#8230;<\/p>\n<p class=\"read-more\"><a class=\"btn btn-default\" href=\"https:\/\/lespetitspotes.org\/index.php\/notre-association\/\">Lire la suite<span class=\"screen-reader-text\"> Lire la suite<\/span><\/a><\/p>\n","protected":false},"author":5,"featured_media":0,"parent":0,"menu_order":0,"comment_status":"closed","ping_status":"closed","template":"","meta":{"footnotes":""},"class_list":["post-917","page","type-page","status-publish","hentry"],"_links":{"self":[{"href":"https:\/\/lespetitspotes.org\/index.php\/wp-json\/wp\/v2\/pages\/917","targetHints":{"allow":["GET"]}}],"collection":[{"href":"https:\/\/lespetitspotes.org\/index.php\/wp-json\/wp\/v2\/pages"}],"about":[{"href":"https:\/\/lespetitspotes.org\/index.php\/wp-json\/wp\/v2\/types\/page"}],"author":[{"embeddable":true,"href":"https:\/\/lespetitspotes.org\/index.php\/wp-json\/wp\/v2\/users\/5"}],"replies":[{"embeddable":true,"href":"https:\/\/lespetitspotes.org\/index.php\/wp-json\/wp\/v2\/comments?post=917"}],"version-history":[{"count":13,"href":"https:\/\/lespetitspotes.org\/index.php\/wp-json\/wp\/v2\/pages\/917\/revisions"}],"predecessor-version":[{"id":2209,"href":"https:\/\/lespetitspotes.org\/index.php\/wp-json\/wp\/v2\/pages\/917\/revisions\/2209"}],"wp:attachment":[{"href":"https:\/\/lespetitspotes.org\/index.php\/wp-json\/wp\/v2\/media?parent=917"}],"curies":[{"name":"wp","href":"https:\/\/api.w.org\/{rel}","templated":true}]}}